{"id":38,"date":"2020-07-07T11:16:07","date_gmt":"2020-07-07T11:16:07","guid":{"rendered":"http:\/\/ra-erdemir.de\/?page_id=38"},"modified":"2022-02-07T12:47:26","modified_gmt":"2022-02-07T12:47:26","slug":"datenschutzerklaerung","status":"publish","type":"page","link":"https:\/\/ra-erdemir.de\/?page_id=38","title":{"rendered":"Datenschutzerkl\u00e4rung"},"content":{"rendered":"\n<p><strong>Unsere Datenschutzhinweise<br>Stand 31.07.2020<\/strong><\/p>\n\n\n\n<h3 class=\"wp-block-heading\" id=\"hosting\">Hosting<\/h3>\n\n\n\n<p>Das Hosting dieser Seite erfolgt bei der Strato AG, Berlin. Es besteht ein Vertrag zur Auftragsdatenverarbeitung mit der Strato AG.<\/p>\n\n\n\n<h3 class=\"wp-block-heading\" id=\"1-geltungsbereich-verantwortlicher-und-datenschutzbeauftragter\">1. Geltungsbereich, Verantwortlicher und Datenschutzbeauftragter<\/h3>\n\n\n\n<p>Wir nehmen den Schutz Ihrer personenbezogenen Daten sehr ernst. Wir m\u00f6chten Sie daher in diesen Datenschutzhinweisen dar\u00fcber unterrichten, ob und welche Ihrer personenbezogenen Daten wir<\/p>\n\n\n\n<p>Die verantwortliche Stelle f\u00fcr die Datenverarbeitung auf dieser Website ist:<\/p>\n\n\n\n<p>bei Ihrem Besuch von&nbsp;<a href=\"http:\/\/ra-erdemir.de\/\">http:\/\/ra-erdemir.de<\/a>. , bei der Bearbeitung von Mandaten und\/oder Mandatsanfragen und\/oder Kontakanfragen per E-Mail.<\/p>\n\n\n\n<p>Anwaltskanzlei Erdemir &amp; Partner<br><strong>Kaya Erdemir<\/strong><br>Lothringer Str. 29-31<br><a href=\"https:\/\/plzplz.de\/PLZ_52062\/\">52062<\/a> Aachen<\/p>\n\n\n\n<p>Tel.: + 49 &#8211; (0) 241 &#8211; 60 20 94<\/p>\n\n\n\n<p>Fax: + 49 &#8211; (0) 241 &#8211; 60 20 93<\/p>\n\n\n\n<p>info@ra-erdemir.de<\/p>\n\n\n\n<p><a href=\"index.html\">www.ra-erdemir.de<\/a><\/p>\n\n\n\n<p>Steuer Nummer: 201\/5100\/4672<\/p>\n\n\n\n<p>verarbeiten. Unsere Hinweisverpflichtung ergibt sich aus dem Telemediengesetz (TMG), dem Rundfunkstaatsvertrag (RStV), der Datenschutz-Grundverordnung (DS-GVO) und aus dem Bundesdatenschutzgesetz (BDSG).<\/p>\n\n\n\n<h3 class=\"wp-block-heading\" id=\"2-verarbeitung-von-personenbezogenen-daten-in-mandatsangelegenheiten\">2. Verarbeitung von personenbezogenen Daten in Mandatsangelegenheiten<\/h3>\n\n\n\n<p>Bei der Bearbeitung von Mandatsanfragen und von Mandaten verarbeiten wir u.a. folgende&nbsp;<strong>personenbezogene Daten<\/strong>, die Sie uns mitteilen oder die wir im Rahmen der Mandatsbearbeitung erheben:<\/p>\n\n\n\n<ul><li>Anrede, Vorname, Nachname<\/li><li>eine oder mehrere E-Mail-Adresse(n)<\/li><li>Anschrift(en)<\/li><li>Telefonnummer (Festnetz und Mobilfunk)<\/li><li>Bankverbindungen<\/li><li>Steuerdaten<\/li><li>weitere Informationen, die f\u00fcr die Geltendmachung und Verteidigung Ihrer Rechte im Rahmen des Mandats notwendig sind<\/li><\/ul>\n\n\n\n<p>Die Datenverarbeitung erfolgt (<strong>Verarbeitungszweck<\/strong>), um<\/p>\n\n\n\n<ul><li>Sie &#8211; unseren Mandanten &#8211; zu identifizieren<\/li><li>Sie anwaltlich zu beraten und zu vertreten<\/li><li>mit Ihnen zu korrespondieren<\/li><li>unsere Leistungen abzurechnen<\/li><\/ul>\n\n\n\n<p>Die Datenverarbeitung erfolgt auf Ihre Anfrage oder Mandatierung hin und ist nach Art. 6 Abs. 1 S. 1 lit. b) DS-GVO (<strong>Rechtsgrundlage<\/strong>) zu den oben genannten Zwecken f\u00fcr die angemessene Bearbeitung der Anfrage oder des Mandats und f\u00fcr die beidseitige Erf\u00fcllung von Verpflichtungen aus dem Mandatsvertrag erforderlich.<\/p>\n\n\n\n<p>Die papiergebundenen Akten werden nach Ablauf von 10 Jahren vernichtet (<strong>L\u00f6schfrist<\/strong>), es sei denn, dass wir nach Art. 6 Abs. 1 S. 1 lit. c) DS-GVO aufgrund von zivilrechtlichen, steuer- oder handelsrechtlichen Aufbewahrungs- und Dokumentationspflichten (z.B. aus BGB, HGB, StGB oder AO) zu einer l\u00e4ngeren Speicherung verpflichtet sind oder Sie in eine dar\u00fcberhinausgehende Speicherung nach Art. 6 Abs. 1 S. 1 lit. a) DS-GVO eingewilligt haben. Die digitalen Akten bleiben u.a. zur Durchf\u00fchrung der Kollisionskontrolle erhalten.<\/p>\n\n\n\n<p>Eine&nbsp;<strong>Daten\u00fcbermittlung&nbsp;<\/strong>an Dritte zu anderen als den im Folgenden aufgef\u00fchrten Zwecken findet nicht statt. Soweit dies nach Art. 6 Abs. 1 S. 1 lit. b) DS-GVO erforderlich ist, werden die Daten an Dritte weitergegeben. Hierzu geh\u00f6rt insbesondere die Weitergabe an Verfahrensgegner, deren Vertreter (insbesondere Rechtsanw\u00e4lte) sowie Rechtsschutzversicherungen, Gerichte und andere \u00f6ffentliche Beh\u00f6rden oder private Stellen zum Zwecke der Korrespondenz sowie zur Rechtsdurchsetzung oder Rechtsverteidigung. Die einzelnen rechtlichen Schritte in der Mandatsbearbeitung stimmen wir stets mit unseren Mandanten ab. Die weitergegebenen Daten d\u00fcrfen vom Dritten ausschlie\u00dflich zu den genannten Zwecken verwendet werden.<\/p>\n\n\n\n<h3 class=\"wp-block-heading\" id=\"3-datenverarbeitung-ausserhalb-der-mandatsverarbeitung\">3. Datenverarbeitung au\u00dferhalb der Mandatsverarbeitung<\/h3>\n\n\n\n<p><strong>3.1 Datenerhebung aus technischen Gr\u00fcnden<\/strong><\/p>\n\n\n\n<p>Bei jedem Ihrer Besuche auf&nbsp;<a href=\"https:\/\/ra-erdemir.de\/\">https:\/\/ra-erdemir.de\/<\/a>&nbsp;verarbeiten wir Daten, die Ihr Browser an unseren Server \u00fcbermittelt. Wir bieten Ihnen auf unserer Website au\u00dferdem die M\u00f6glichkeit, Dokumente (z.B. Stellungnahmen, eine Anfahrtsskizze) herunterzuladen. Auch bei diesem Vorgang findet Datenaustausch zwischen Ihrem Browser und unserem Server statt. Hierbei handelt es sich um folgende Informationen:<\/p>\n\n\n\n<ul><li>Typ und Version Ihres Browsers<\/li><li>Ihr Betriebssystem<\/li><li>eingegebene URL<\/li><li>Datum und Uhrzeit des Seitenaufrufs<\/li><li>Ihre IP-Adresse<\/li><\/ul>\n\n\n\n<p>Wir haben keine M\u00f6glichkeit, diese Daten zu Ihrer Person zuzuordnen und f\u00fchren diese Daten auch nicht mit anderen Datenquellen zusammen. Wir l\u00f6schen die oben genannten Daten nach Ablauf von 30 Tagen. Wir werden die oben genannten Daten nur dann l\u00e4nger speichern oder auswerten oder auswerten lassen, wenn und soweit<\/p>\n\n\n\n<ul><li>wir gesetzlich oder durch eine Gerichtsentscheidung hierzu verpflichtet sind oder<\/li><li>wir die protokollierten Daten ben\u00f6tigen, um Angriffe auf unsere Infrastruktur straf- und\/oder zivilrechtlich zu verfolgen.<\/li><\/ul>\n\n\n\n<p>Nach unserem technischen Verst\u00e4ndnis ist die Verarbeitung der oben genannten Daten technisch unumg\u00e4nglich, damit Sie auf unsere Website zugreifen k\u00f6nnen. Sollten Sie dies technisch verhindern, werden Sie auf unsere Website nicht zugreifen k\u00f6nnen.<\/p>\n\n\n\n<p>Etwaigen schutzw\u00fcrdigen Belangen der Besucher unserer Website werden wir durch die Verschl\u00fcsselung (erkennbar am https-Zusatz in der URL-Zeile) gerecht.<\/p>\n\n\n\n<p><strong>3.2 Kontaktaufnahme per E-Mail oder per Kontaktformular<\/strong><\/p>\n\n\n\n<p>Sollten Sie sich per E-Mail oder per Kontaktformular an uns wenden, kann es sein, dass wir Ihre Daten ben\u00f6tigen, die Sie uns mitteilen. Wir verarbeiten sie nach Art. 6 Abs. 1 S. 1 lit. f) DS-GVO, um Ihre Anfrage zu bearbeiten; in Mandatsverh\u00e4ltnissen und bei Mandatsanbahnung nach Art. 6 Abs. 1 S. 1 lit. b) DS-GVO.<\/p>\n\n\n\n<p>Wenn Sie der Verarbeitung Ihrer personenbezogenen Daten durch uns widersprechen, k\u00f6nnen wir Ihr Anliegen grunds\u00e4tzlich nicht bearbeiten.<\/p>\n\n\n\n<p>Hinsichtlich der L\u00f6schfrist gelten unsere Ausf\u00fchrungen in Ziffer 2. dieser Datenschutzhinweise entsprechend.<\/p>\n\n\n\n<p>Sollten Sie sich bei uns per E-Mail bewerben, nutzen Sie bitte die E-Mail-Adresse &#8230;&#8230;&nbsp;<a href=\"mailto:info@ra-erdemir.de\/\">info@ra-erdemir.de<\/a>  &#8230;.Wir pr\u00fcfen Ihre Unterlagen und teilen Ihnen das Ergebnis unserer Pr\u00fcfung mit.  wir uns nicht f\u00fcr Sie als neue Mitarbeiterin oder Mitarbeiter entscheiden, werden wir Ihre personenbezogenen Daten sperren und nach Ablauf von maximal f\u00fcnf Monaten l\u00f6schen.<\/p>\n\n\n\n<p><strong>3.3 Datenverwendung externe Anbieter<\/strong> : <\/p>\n\n\n\n<p>Keine Daten bei uns werden an externe Anbieter weitergeleitet.<\/p>\n\n\n\n<p><\/p>\n\n\n\n<h3 class=\"wp-block-heading\" id=\"4-besonderheiten-bei-social-media-diensten\">4. Besonderheiten bei Social-Media-Diensten<\/h3>\n\n\n\n<p>Im Folgenden informieren wir Sie dar\u00fcber, ob und inwieweit Social-Media-Anbieter Daten \u00fcber Sie bei Ihrem Besuch auf unserer Website verarbeiten.<\/p>\n\n\n\n<p>Wir verwenden keine Plugins und keine Social-Media.<\/p>\n\n\n\n<h3 class=\"wp-block-heading\" id=\"5-besonderheiten-bei-google-maps\">5. Besonderheiten bei Google Maps<\/h3>\n\n\n\n<p>N\u00e4here Informationen zur Erhebung und Nutzung der Daten durch Google und \u00fcber Ihre diesbez\u00fcglichen Rechte und M\u00f6glichkeiten zum Schutz Ihrer Privatsph\u00e4re finden Sie in den&nbsp;<a href=\"https:\/\/www.google.de\/policies\/privacy\/\" target=\"_blank\" rel=\"noreferrer noopener\">Datenschutzhinweisen von Google&nbsp;<\/a>und den&nbsp;<a href=\"https:\/\/www.google.com\/intl\/de_US\/help\/terms_maps.html\" target=\"_blank\" rel=\"noreferrer noopener\">zus\u00e4tzlichen Nutzungsbedingungen f\u00fcr GoogleMaps\/Earth<\/a>.<\/p>\n\n\n\n<h3 class=\"wp-block-heading\" id=\"6-links-zu-anderen-websites\">6. Links zu anderen Websites<\/h3>\n\n\n\n<p>Wir verlinken Websites anderer, mit uns nicht verbundener Anbieter (Dritter). Wenn Sie diese Links anklicken, haben wir keinen Einfluss mehr darauf, welche Daten durch diese Anbieter, erhoben und verwendet werden. Genauere Informationen zu Datenerhebung und -verwendung finden Sie in der Datenschutzerkl\u00e4rung des jeweiligen Anbieters. Wir \u00fcbernehmen f\u00fcr die Datenerhebung und -verarbeitung durch Dritte keine Verantwortung. Webseiten Dritter k\u00f6nnen Sie dadurch erkennen, dass sich diese immer in einem eigenen Fenster Ihres Browsers \u00f6ffnen. Im Gegensatz dazu \u00f6ffnen sich neue Websites unseres Angebots immer in einem neuen Tab Ihres Browsers.<\/p>\n\n\n\n<h3 class=\"wp-block-heading\" id=\"7-andere-web-services-werden-nicht-benutzt\">7. Andere Web-Services werden nicht benutzt.<\/h3>\n\n\n\n<h3 class=\"wp-block-heading\" id=\"8-ihre-rechte-nach-der-ds-gvo\">8. Ihre Rechte nach der DS-GVO<\/h3>\n\n\n\n<p>Ihnen stehen als betroffene Person folgende Rechte zu:<\/p>\n\n\n\n<ul><li>Widerruf einer datenschutzrechtlichen Einwilligung nach Art. 7 Abs. 3 DS-GVO<\/li><li>Auskunft nach Art. 15 DS-GVO<\/li><li>Berichtigung nach Art. 16 DS-GVO<\/li><li>L\u00f6schung (\u201eRecht auf Vergessenwerden\u201c) nach Art. 17 DS-GVO<\/li><li>Einschr\u00e4nkung der Verarbeitung nach Art. 18 DS-GVO<\/li><li>Mitteilung nach Art. 19 DS-GVO<\/li><li>Daten\u00fcbertragbarkeit nach Art. 20 DS-GVO<\/li><li>Beschwerde bei einer Aufsichtsbeh\u00f6rde nach Art. 77 DS-GVO<\/li><\/ul>\n\n\n\n<p>Wir weisen Sie jedoch darauf hin, dass die Aus\u00fcbung dieser Rechte nach der DS-GVO und nach dem BDSG oder nach anderen Normen durchaus eingeschr\u00e4nkt sein kann. Melden Sie sich gerne bei uns oder bei unserem Datenschutzbeauftragten. Wir werden Ihr Anliegen pr\u00fcfen und uns schnellstm\u00f6glich bei Ihnen melden.<\/p>\n\n\n\n<h3 class=\"wp-block-heading\" id=\"9-datensicherheit\">9. Datensicherheit<\/h3>\n\n\n\n<p>Wir haben technische und organisatorische Sicherheitsvorkehrungen eingerichtet, um Ihre Daten zu sch\u00fctzen, insbesondere gegen Verlust, Manipulation oder unberechtigten Zugriff. Wir passen unsere Sicherheitsvorkehrungen regelm\u00e4\u00dfig der fortlaufenden technischen Entwicklung an.<\/p>\n\n\n\n<h3 class=\"wp-block-heading\" id=\"10-aktualisierung-dieser-datenschutzhinweise\">10. Aktualisierung dieser Datenschutzhinweise<\/h3>\n\n\n\n<p>Die rechtlichen Rahmenbedingungen f\u00fcr uns als Produkteanbieter unterliegen naturgem\u00e4\u00df \u00c4nderungen und Anpassungen. Diese \u00c4nderungen und Anpassungen machen es von Zeit zu Zeit erforderlich, diese Datenschutzhinweise zu aktualisieren. Den jeweiligen Stand erkennen Sie an der zweiten Zeile der \u00dcberschrift.<\/p>\n\n\n\n<hr class=\"wp-block-separator has-text-color has-background has-vivid-cyan-blue-background-color has-vivid-cyan-blue-color\"\/>\n\n\n\n<h4 class=\"wp-block-heading\" id=\"diese-seite-benutzt-wordpress-erganzungen-datenschutz-unter-wordpress\">Diese Seite benutzt WordPress <br>Erg\u00e4nzungen Datenschutz unter WordPress:<\/h4>\n\n\n\n<h3 class=\"wp-block-heading\" id=\"kommentare\">Kommentare<\/h3>\n\n\n\n<p>Wenn Besucher Kommentare auf der Website schreiben (<strong>zur Zeit nicht erlaubt<\/strong>) , sammeln wir die Daten, die im Kommentar-Formular angezeigt werden, au\u00dferdem die IP-Adresse des Besuchers und den User-Agent-String (damit wird der Browser identifiziert), um die Erkennung von Spam zu unterst\u00fctzen.<\/p>\n\n\n\n<p>Aus Ihre E-Mail-Adresse kann eine anonymisierte Zeichenfolge erstellt (auch Hash genannt) und dem Gravatar-Dienst \u00fcbergeben werden, um zu pr\u00fcfen, ob du diesen benutzt. Die Datenschutzerkl\u00e4rung des Gravatar-Dienstes findest du hier: https:\/\/automattic.com\/privacy\/. Nachdem dein Kommentar freigegeben wurde, ist dein Profilbild \u00f6ffentlich im Kontext deines Kommentars sichtbar.<\/p>\n\n\n\n<h3 class=\"wp-block-heading\" id=\"medien\">Medien<\/h3>\n\n\n\n<p>Wenn Sie ein registrierter Benutzer sind und Fotos auf diese Website l\u00e4dst, solltest du vermeiden, Fotos mit einem EXIF-GPS-Standort hochzuladen. Besucher dieser Website k\u00f6nnten Fotos, die auf dieser Website gespeichert sind, herunterladen und deren Standort-Informationen extrahieren.<\/p>\n\n\n\n<h3 class=\"wp-block-heading\" id=\"kontaktformulare-und-cookies\">Kontaktformulare und Cookies<\/h3>\n\n\n\n<h3 class=\"wp-block-heading\" id=\"cookies\">Cookies<\/h3>\n\n\n\n<p>Wenn du einen Kommentar auf unserer Website schreibst, kann das eine Einwilligung sein, deinen Namen, E-Mail-Adresse und Website in Cookies zu speichern. Dies ist eine Komfortfunktion, damit du nicht, wenn du einen weiteren Kommentar schreibst, all diese Daten erneut eingeben musst. Diese Cookies werden ein Jahr lang gespeichert.<\/p>\n\n\n\n<p>Falls du ein Konto hast und dich auf dieser Website anmeldest, werden wir ein tempor\u00e4res Cookie setzen, um festzustellen, ob dein Browser Cookies akzeptiert. Dieses Cookie enth\u00e4lt keine personenbezogenen Daten und wird verworfen, wenn du deinen Browser schlie\u00dft.<\/p>\n\n\n\n<p>Wenn du dich anmeldest, werden wir einige Cookies einrichten, um deine Anmeldeinformationen und Anzeigeoptionen zu speichern. Anmelde-Cookies verfallen nach zwei Tagen und Cookies f\u00fcr die Anzeigeoptionen nach einem Jahr. Falls du bei der Anmeldung \u201eAngemeldet bleiben\u201c ausw\u00e4hlst, wird deine Anmeldung zwei Wochen lang aufrechterhalten. Mit der Abmeldung aus deinem Konto werden die Anmelde-Cookies gel\u00f6scht.<\/p>\n\n\n\n<p>Wenn du einen Artikel bearbeitest oder ver\u00f6ffentlichst, wird ein zus\u00e4tzlicher Cookie in deinem Browser gespeichert. Dieser Cookie enth\u00e4lt keine personenbezogenen Daten und verweist nur auf die Beitrags-ID des Artikels, den du gerade bearbeitet hast. Der Cookie verf\u00e4llt nach einem Tag.<\/p>\n\n\n\n<h3 class=\"wp-block-heading\" id=\"eingebettete-inhalte-von-anderen-websites\">Eingebettete Inhalte von anderen Websites<\/h3>\n\n\n\n<p>Beitr\u00e4ge auf dieser Website k\u00f6nnen eingebettete Inhalte beinhalten (z.&nbsp;B. Videos, Bilder, Beitr\u00e4ge etc.). Eingebettete Inhalte von anderen Websites verhalten sich exakt so, als ob der Besucher die andere Website besucht h\u00e4tte.<\/p>\n\n\n\n<p>Diese Websites k\u00f6nnen Daten \u00fcber dich sammeln, Cookies benutzen, zus\u00e4tzliche Tracking-Dienste von Dritten einbetten und deine Interaktion mit diesem eingebetteten Inhalt aufzeichnen, inklusive deiner Interaktion mit dem eingebetteten Inhalt, falls du ein Konto hast und auf dieser Website angemeldet bist.<\/p>\n\n\n\n<h2 class=\"wp-block-heading\" id=\"wie-lange-wir-ihre-daten-speichern\">Wie lange wir Ihre Daten speichern<\/h2>\n\n\n\n<p>Wenn Sie einen Kommentar schreibst, wird dieser inklusive Metadaten zeitlich unbegrenzt gespeichert. Auf diese Art k\u00f6nnen wir Folgekommentare automatisch erkennen und freigeben, anstelle sie in einer Moderations-Warteschlange festzuhalten.<\/p>\n\n\n\n<p>F\u00fcr Benutzer, die sich auf unserer Website registrieren, speichern wir zus\u00e4tzlich die pers\u00f6nlichen Informationen, die sie in ihren Benutzerprofilen angeben. Alle Benutzer k\u00f6nnen jederzeit ihre pers\u00f6nlichen Informationen einsehen, ver\u00e4ndern oder l\u00f6schen (der Benutzername kann nicht ver\u00e4ndert werden). Administratoren der Website k\u00f6nnen diese Informationen ebenfalls einsehen und ver\u00e4ndern.<\/p>\n\n\n\n<h2 class=\"wp-block-heading\" id=\"welche-rechte-du-an-deinen-daten-hast\">Welche Rechte du an deinen Daten hast<\/h2>\n\n\n\n<p>Wenn du ein Konto auf dieser Website besitzt oder Kommentare geschrieben hast, kannst du einen Export deiner personenbezogenen Daten bei uns anfordern, inklusive aller Daten, die du uns mitgeteilt hast. Dar\u00fcber hinaus kannst du die L\u00f6schung aller personenbezogenen Daten, die wir von dir gespeichert haben, anfordern. Dies umfasst nicht die Daten, die wir aufgrund administrativer, rechtlicher oder sicherheitsrelevanter Notwendigkeiten aufbewahren m\u00fcssen.<\/p>\n\n\n\n<p><\/p>\n","protected":false},"excerpt":{"rendered":"<p>Unsere DatenschutzhinweiseStand 31.07.2020 Hosting Das Hosting dieser Seite erfolgt bei der Strato AG, Berlin. Es besteht ein Vertrag zur Auftragsdatenverarbeitung mit der Strato AG. 1. Geltungsbereich, Verantwortlicher und Datenschutzbeauftragter Wir nehmen den Schutz Ihrer personenbezogenen Daten sehr ernst. Wir m\u00f6chten Sie daher in diesen Datenschutzhinweisen dar\u00fcber unterrichten, ob und welche Ihrer personenbezogenen Daten wir Die &#8230; <a title=\"Datenschutzerkl\u00e4rung\" class=\"read-more\" href=\"https:\/\/ra-erdemir.de\/?page_id=38\" aria-label=\"En savoir plus sur Datenschutzerkl\u00e4rung\">Lire la suite<\/a><\/p>\n","protected":false},"author":2,"featured_media":0,"parent":0,"menu_order":0,"comment_status":"closed","ping_status":"closed","template":"","meta":[],"_links":{"self":[{"href":"https:\/\/ra-erdemir.de\/index.php?rest_route=\/wp\/v2\/pages\/38"}],"collection":[{"href":"https:\/\/ra-erdemir.de\/index.php?rest_route=\/wp\/v2\/pages"}],"about":[{"href":"https:\/\/ra-erdemir.de\/index.php?rest_route=\/wp\/v2\/types\/page"}],"author":[{"embeddable":true,"href":"https:\/\/ra-erdemir.de\/index.php?rest_route=\/wp\/v2\/users\/2"}],"replies":[{"embeddable":true,"href":"https:\/\/ra-erdemir.de\/index.php?rest_route=%2Fwp%2Fv2%2Fcomments&post=38"}],"version-history":[{"count":15,"href":"https:\/\/ra-erdemir.de\/index.php?rest_route=\/wp\/v2\/pages\/38\/revisions"}],"predecessor-version":[{"id":271,"href":"https:\/\/ra-erdemir.de\/index.php?rest_route=\/wp\/v2\/pages\/38\/revisions\/271"}],"wp:attachment":[{"href":"https:\/\/ra-erdemir.de\/index.php?rest_route=%2Fwp%2Fv2%2Fmedia&parent=38"}],"curies":[{"name":"wp","href":"https:\/\/api.w.org\/{rel}","templated":true}]}}